{"id":941,"date":"2022-02-24T14:11:37","date_gmt":"2022-02-24T14:11:37","guid":{"rendered":"https:\/\/fmid.eu\/about\/"},"modified":"2023-01-26T11:05:48","modified_gmt":"2023-01-26T11:05:48","slug":"about","status":"publish","type":"page","link":"https:\/\/fmid.eu\/pt-pt\/about\/","title":{"rendered":"Sobre n\u00f3s"},"content":{"rendered":"<div>\n<p>        <img decoding=\"async\" src=\"\/wp-content\/uploads\/2022\/06\/FMID_Website_090622_SK-09-3.png\" alt=\"\"><\/p>\n<h3>Sobre o projeto<\/h3>\n<div>\n<p><span style=\"font-weight: 400;\">Antes da pandemia COVID-19, a taxa de abandono escolar precoce tinha diminu\u00eddo significativamente nos pa\u00edses europeus. No entanto, devido \u00e0s r\u00e1pidas mudan\u00e7as que o sistema educativo sofreu, n\u00e3o \u00e9 garantido que esta tend\u00eancia se mantenha. Alguns especialistas argumentam que o n\u00famero de estudantes afastados do processo de aprendizagem pode crescer e causar uma nova onda de abandono escolar por parte daqueles que est\u00e3o descontentes com as recentes mudan\u00e7as e preferem entrar no mercado de trabalho mais cedo. No entanto, este n\u00e3o ser\u00e1 um mercado de trabalho pr\u00f3spero e recetivo, mas sim um mercado que se debate com as crescentes taxas de desemprego. \u00c9 por isso que \u00e9 t\u00e3o vital aumentar o envolvimento dos jovens na sua educa\u00e7\u00e3o e, ao mesmo tempo, equip\u00e1-los com as compet\u00eancias que ir\u00e3o aumentar o seu potencial de empregabilidade no futuro.<\/span><\/p>\n<\/div>\n<\/div>\n<div>\n<p>        <img decoding=\"async\" src=\"\/wp-content\/uploads\/2022\/06\/FMID_Website_090622_SK-10-3.png\" alt=\"\"><\/p>\n<h3>Objetivo<\/h3>\n<div>\n<p>O projeto FMID promove a literacia digital entre jovens e educadores de jovens. Pretende aumentar a consci\u00eancia cultural dos jovens, ajudar \u00e0 sua compreens\u00e3o e promover a inclus\u00e3o social, fornecendo uma voz, ferramentas e capacidades para se expressarem e se compreenderem uns aos outros.<\/p>\n<\/div>\n<\/div>\n<div>\n<p>        <img decoding=\"async\" src=\"\/wp-content\/uploads\/2022\/06\/FMID_Website_090622_SK-11-3.png\" alt=\"\"><\/p>\n<h3>Objetivos espec\u00edficos<\/h3>\n<div>\n<ul>\n<li>Desenvolver um conjunto de recursos sobre cria\u00e7\u00e3o de v\u00eddeos para os jovens.<\/li>\n<li>Apoiar os educadores de jovens na oferta de forma\u00e7\u00e3o sobre cria\u00e7\u00e3o de v\u00eddeo, com a ajuda do manual e forma\u00e7\u00e3o em servi\u00e7o.<\/li>\n<li>Proporcionar um ambiente de aprendizagem e colabora\u00e7\u00e3o online para partilhar os resultados do projeto, permitindo a utiliza\u00e7\u00e3o de recursos educativos e a partilha de v\u00eddeos criados pelos participantes do projeto.<\/li>\n<li>Proporcionar uma s\u00e9rie de eventos tanto para jovens como para educadores de jovens.<\/li>\n<\/ul>\n<\/div>\n<\/div>\n<h1>\n<h3>Parceiros<\/h3>\n<\/h1>\n<ul>\n<li>\n<p>        <img decoding=\"async\" src=\"\/wp-content\/uploads\/2022\/06\/fipl-logo.jpg\" alt=\"\"><\/p>\n<h3>Future in Perspective Ltd. (FIPL)<\/h3>\n<div>\n<p><span style=\"font-weight: 400;\">A Future in Perspective Ltd. \u00e9 uma empresa privada baseada na regi\u00e3o fronteiri\u00e7a da Irlanda, especializada nas \u00e1reas de educa\u00e7\u00e3o e e-learning, produ\u00e7\u00e3o de media, planeamento estrat\u00e9gico e desenvolvimento e avalia\u00e7\u00e3o de neg\u00f3cios. Atrav\u00e9s do nosso trabalho em projetos nacionais e financiados pela UE, temos envolvido e apoiado grupos de jovens locais, comunidades migrantes, pessoas idosas e indiv\u00edduos que t\u00eam estado afastados da educa\u00e7\u00e3o para os voltar a envolver com fornecedores de servi\u00e7os e ofertas de educa\u00e7\u00e3o e forma\u00e7\u00e3o. Tamb\u00e9m temos experi\u00eancia em apoiar empresas em nichos de mercado como os setores criativo, cultural e verde para desenvolver modelos de neg\u00f3cio sustent\u00e1veis. Para al\u00e9m disso, temos colaborado com jovens e adultos para oferecer uma s\u00e9rie de programas diversos nas \u00e1reas da produ\u00e7\u00e3o de media e gest\u00e3o de carreiras, apoiando a pr\u00f3xima gera\u00e7\u00e3o de indiv\u00edduos criativos para construir e sustentar carreiras de sucesso no setor.<\/span><\/p>\n<\/div>\n<\/li>\n<li>\n<p>        <img decoding=\"async\" src=\"\/wp-content\/uploads\/2022\/06\/Acumen-Logo.jpg\" alt=\"\"><\/p>\n<h3>ACUMEN<\/h3>\n<div>\n<p><span style=\"font-weight: 400;\">A Acumen Training \u00e9 uma empresa privada especializada em forma\u00e7\u00e3o e consultoria. O objetivo da Acumen Training \u00e9 apoiar a gest\u00e3o no mercado de trabalho e a cria\u00e7\u00e3o de um neg\u00f3cio pr\u00f3prio. A empresa oferece forma\u00e7\u00e3o e consultoria, desenvolve materiais audiovisuais de aprendizagem, realiza pesquisas, desenha e produz conte\u00fados de aprendizagem. A nossa equipa tem experi\u00eancia em design gr\u00e1fico (cria\u00e7\u00e3o de log\u00f3tipos e branding) e desenvolvimento de materiais audiovisuais (utilizados em E-Learning e Flipped Learning). Tem uma vasta experi\u00eancia na divulga\u00e7\u00e3o e promo\u00e7\u00e3o de projetos. A empresa est\u00e1 sediada em Rzeszow, capital da prov\u00edncia de Subcarpathian, no sul da Pol\u00f3nia.<\/span><\/p>\n<p><span style=\"font-weight: 400;\">Cooperamos com formadores experientes em muitas \u00e1reas e temos uma equipa que pode fornecer conhecimentos e experi\u00eancia necess\u00e1rios para o desenvolvimento de projetos relacionados com a educa\u00e7\u00e3o e forma\u00e7\u00e3o em diferentes temas com especial enfoque no mercado de trabalho e empreendedorismo. A equipa da Acumen Training tem conhecimentos avan\u00e7ados na gest\u00e3o de projetos, administra\u00e7\u00e3o, dissemina\u00e7\u00e3o, avalia\u00e7\u00e3o e monitoriza\u00e7\u00e3o. A empresa tem uma grande rede de contactos a n\u00edvel local e regional, cooperando com empresas de forma\u00e7\u00e3o, associa\u00e7\u00f5es, institui\u00e7\u00f5es do meio empresarial e especialistas na \u00e1rea do mercado de trabalho e do empreendedorismo.<\/span><\/p>\n<\/p>\n<p><span style=\"font-weight: 400;\">A Acumen Training est\u00e1 focada nos jovens, apoiando-os no seu desenvolvimento profissional, inser\u00e7\u00e3o no mercado de trabalho e na cria\u00e7\u00e3o dos pr\u00f3prios neg\u00f3cio. A empresa apoia-os na aquisi\u00e7\u00e3o de compet\u00eancias e experi\u00eancias relacionadas com empreendedorismo e lideran\u00e7a. A nossa equipa tem experi\u00eancia na cria\u00e7\u00e3o de materiais de forma\u00e7\u00e3o (incluindo branding), cria\u00e7\u00e3o de materiais audiovisuais (podcasts, v\u00eddeos, salas de escape educacionais, recursos em formato de mini-aprendizagem). Tamb\u00e9m somos experientes na realiza\u00e7\u00e3o de pesquisa e desenvolvimento de relat\u00f3rios. Temos o equipamento necess\u00e1rio para gravar e editar conte\u00fado audiovisual de alta qualidade. A nossa equipa tamb\u00e9m inclui dois designers gr\u00e1ficos experientes na conce\u00e7\u00e3o de, por exemplo, log\u00f3tipos, newsletters, materiais promocionais e branding.<\/span><\/p>\n<\/div>\n<p><a href=\"https:\/\/www.facebook.com\/acumentraining\/\">Facebook<\/a><\/p>\n<\/li>\n<li>\n<p>        <img decoding=\"async\" src=\"\/wp-content\/uploads\/2022\/06\/Rightchallenge-Logo.-png.png\" alt=\"\"><\/p>\n<h3>RightChallenge \u2013 Associa\u00e7\u00e3o<\/h3>\n<div>\n<p><span style=\"font-weight: 400;\">A RightChallenge \u00e9 uma organiza\u00e7\u00e3o n\u00e3o governamental que visa promover a educa\u00e7\u00e3o e forma\u00e7\u00e3o profissional como um meio de inclus\u00e3o social e de igualdade de oportunidades. Acreditamos que a educa\u00e7\u00e3o se deve focar no desenvolvimento integral de todas as pessoas (independentemente do estatuto social, idade ou g\u00e9nero), de modo a estarem preparadas para intervir e participar em todas as dimens\u00f5es da sociedade, como na vida familiar, no emprego e no lazer. Assim, como uma organiza\u00e7\u00e3o ativamente envolvido com a comunidade, um dos nossos pilares \u00e9 a aprendizagem ao longo da vida, pois acreditamos que este \u00e9 essencial para o desenvolvimento sustent\u00e1vel, visto que promove a cidadania ativa e respons\u00e1vel e a participa\u00e7\u00e3o democr\u00e1tica entre os cidad\u00e3os.<\/span><\/p>\n<\/div>\n<p><a href=\"https:\/\/rightchallenge.org\/\">Website<\/a><\/p>\n<\/li>\n<li>\n<p>        <img decoding=\"async\" src=\"\/wp-content\/uploads\/2022\/06\/Logo-JFV-quadratisch.jpg\" alt=\"\"><\/p>\n<h3>Jugendf\u00f6rderverein Parchim\/L\u00fcbz e.V.<\/h3>\n<div>\n<p><span style=\"font-weight: 400;\">A Jugendf\u00f6rderverein Parchim\/L\u00fcbz e. V. ( &#8221; JFV &#8221; ) \u00e9 uma organiza\u00e7\u00e3o sem fins lucrativos fundada em 1992. Hoje, a funda\u00e7\u00e3o emprega mais de 100 pessoas em seis locais diferentes da Pomer\u00e2nia Ocidental, na Alemanha. A organiza\u00e7\u00e3o tem como miss\u00e3o estabelecer est\u00edmulos inovadores para encorajar a integra\u00e7\u00e3o profissional de jovens desfavorecidos e vulner\u00e1veis, mais especificamente, jovens que abandonam precocemente a escola, pessoas socialmente exclu\u00eddas, adultos com origem migrante e adultos desempregados. A JFV oferece uma vasta gama de servi\u00e7os centrados nas necessidades destes p\u00fablicos-alvo que visam prepar\u00e1-los, motiv\u00e1-los e encoraj\u00e1-los para a forma\u00e7\u00e3o ou ocupa\u00e7\u00e3o no mercado de trabalho, assim como apoi\u00e1-los e orient\u00e1-los no seu desenvolvimento pessoal. A participa\u00e7\u00e3o em projetos nacionais e internacionais \u00e9 uma parte integrante do trabalho da JFV. Neste projeto, a tarefa principal da JFV \u00e9 atuar como coordenador.<\/span><\/p>\n<p>Para saber mais, por favor contacte-nos:<\/p>\n<p>E-mail: info@jfv-pch.de<\/p>\n<p>Telefone: +49 (0)3871 63 190<\/p>\n<\/p>\n<\/div>\n<p><a href=\"https:\/\/www.jfv-pch.de\/\">Website<\/a><\/p>\n<\/li>\n<li>\n<p>        <img decoding=\"async\" src=\"\/wp-content\/uploads\/2022\/06\/logo_siglo22_grande-1.png\" alt=\"\"><\/p>\n<h3>Fundaci\u00f3n Siglo22 <\/h3>\n<div>\n<p><span style=\"font-weight: 400;\">A Fundaci\u00f3n Siglo22 \u00e9 uma organiza\u00e7\u00e3o sem fins lucrativos que opera em todo o territ\u00f3rio nacional sob o Protetorado de Funda\u00e7\u00f5es do Minist\u00e9rio da Educa\u00e7\u00e3o. Os objetivos que definem o trabalho da nossa Funda\u00e7\u00e3o s\u00e3o os seguintes: Desenvolver programas e projetos que facilitem a integra\u00e7\u00e3o das tecnologias de informa\u00e7\u00e3o e comunica\u00e7\u00e3o no sistema educativo. Melhorar a igualdade de g\u00e9nero e criar programas para melhorar a igualdade de oportunidades atrav\u00e9s de tecnologias de informa\u00e7\u00e3o e comunica\u00e7\u00e3o. Desenvolver programas e projetos relacionados com a aprendizagem e a cria\u00e7\u00e3o de redes de conhecimento partilhado. Motivados pela necessidade de melhorar o sistema educativo e as defici\u00eancias de igualdade de g\u00e9nero, no in\u00edcio de 2011, um grupo inicial de tr\u00eas profissionais decidiu fundar a Siglo22, a este projeto juntaram-se outros tr\u00eas profissionais na \u00e1rea da educa\u00e7\u00e3o, igualdade de g\u00e9nero e tecnologias. A nossa miss\u00e3o \u00e9 contribuir com experi\u00eancias relevantes na educa\u00e7\u00e3o e na sociedade, que contribuem para a sua melhoria constante atrav\u00e9s de projetos de inova\u00e7\u00e3o para fomentar a aprendizagem e a mudan\u00e7a. A nossa vis\u00e3o est\u00e1 a caminho da cria\u00e7\u00e3o de um substrato de crescimento pessoal cont\u00ednuo apoiado pela constante procura de inova\u00e7\u00e3o e coopera\u00e7\u00e3o, promovendo a igualdade de oportunidades entre todas as pessoas. Trabalhamos em tr\u00eas \u00e1reas principais: Educa\u00e7\u00e3o: especializados em e-learning, plataformas LMS e compet\u00eancias pedag\u00f3gicas. Igualdade de g\u00e9nero: g\u00e9nero e jovens, trabalho em rede feminino. Projetos comunit\u00e1rios: colabora\u00e7\u00e3o em projetos cofundados pelo programa Erasmus+.<\/span><\/p>\n<\/div>\n<p><a href=\"https:\/\/fundacionsiglo22.org\/es\/\">Website<\/a><\/p>\n<\/li>\n<li>\n<p>        <img decoding=\"async\" src=\"\/wp-content\/uploads\/2022\/06\/CARDET_logo_highRes.png\" alt=\"\"><\/p>\n<h3>CARDET<\/h3>\n<div>\n<p><span style=\"font-weight: 400;\">Os CARDET s\u00e3o um dos principais centros de investiga\u00e7\u00e3o e forma\u00e7\u00e3o na regi\u00e3o do Mediterr\u00e2neo Oriental com experi\u00eancia global na conce\u00e7\u00e3o, implementa\u00e7\u00e3o e gest\u00e3o de projetos, forma\u00e7\u00e3o e e-learning. A CARDET implementou in\u00fameros projetos relacionados com o desenvolvimento de iniciativas de forma\u00e7\u00e3o de adultos e profissionais nas \u00e1reas do trabalho social, inova\u00e7\u00e3o e empreendedorismo. Os membros da sua equipa e dire\u00e7\u00e3o representam institui\u00e7\u00f5es de ensino superior europeias e internacionais, centros de forma\u00e7\u00e3o e organiza\u00e7\u00f5es internacionais e t\u00eam um conhecimento profundo do setor de forma\u00e7\u00e3o de adultos e da \u00e1rea de literacia financeira, enquanto que a CARDET se concentra na promo\u00e7\u00e3o da justi\u00e7a social e do progresso social. A CARDET re\u00fane uma equipa internacional de especialistas com d\u00e9cadas de experi\u00eancia global em forma\u00e7\u00e3o de adultos, capacita\u00e7\u00e3o, desenvolvimento curricular, empreendedorismo social, forma\u00e7\u00e3o profissional, design thinking, inova\u00e7\u00e3o, investiga\u00e7\u00e3o educacional, avalia\u00e7\u00e3o e desenvolvimento de recursos humanos.<\/span><\/p>\n<\/div>\n<p><a href=\"https:\/\/cardet.org\/\">Website<\/a><\/p>\n<\/li>\n<\/ul>\n<p><!--more--><br \/>\n<!-- {\"type\":\"layout\",\"children\":[{\"type\":\"section\",\"props\":{\"style\":\"default\",\"width\":\"default\",\"vertical_align\":\"middle\",\"title_position\":\"top-left\",\"title_rotation\":\"left\",\"title_breakpoint\":\"xl\",\"image_position\":\"center-center\",\"padding_remove_top\":true},\"children\":[{\"type\":\"row\",\"children\":[{\"type\":\"column\",\"props\":{\"position_sticky_breakpoint\":\"m\",\"image_position\":\"center-center\",\"media_overlay_gradient\":\"\"},\"children\":[{\"type\":\"headline\",\"props\":{\"title_element\":\"h1\",\"title_style\":\"h1\",\"title_color\":\"success\",\"text_align\":\"left\"},\"name\":\"headline-pages\",\"source\":{\"query\":{\"name\":\"pages.singlePage\"},\"props\":{\"content\":{\"filters\":{\"search\":\"\"},\"name\":\"title\"}}}}]}]},{\"type\":\"row\",\"children\":[{\"type\":\"column\",\"props\":{\"position_sticky_breakpoint\":\"m\",\"image_position\":\"center-center\",\"media_overlay_gradient\":\"\"},\"children\":[{\"type\":\"panel\",\"props\":{\"link_text\":\"[readmore_text]\",\"title_hover_style\":\"reset\",\"title_element\":\"h3\",\"title_align\":\"top\",\"title_grid_width\":\"1-2\",\"title_grid_breakpoint\":\"m\",\"meta_style\":\"meta\",\"meta_align\":\"below-title\",\"meta_element\":\"div\",\"content_column_breakpoint\":\"m\",\"icon_width\":80,\"image_align\":\"right\",\"image_grid_width\":\"1-3\",\"image_grid_breakpoint\":\"m\",\"image_svg_color\":\"emphasis\",\"link_style\":\"primary\",\"margin\":\"default\",\"title\":\"Sobre o projeto\",\"content\":\"\n\n<p><span style=\\\"font-weight: 400;\\\">Antes da pandemia COVID-19, a taxa de abandono escolar precoce tinha diminu\\u00eddo significativamente nos pa\\u00edses europeus. No entanto, devido \\u00e0s r\\u00e1pidas mudan\\u00e7as que o sistema educativo sofreu, n\\u00e3o \\u00e9 garantido que esta tend\\u00eancia se mantenha. Alguns especialistas argumentam que o n\\u00famero de estudantes afastados do processo de aprendizagem pode crescer e causar uma nova onda de abandono escolar por parte daqueles que est\\u00e3o descontentes com as recentes mudan\\u00e7as e preferem entrar no mercado de trabalho mais cedo. No entanto, este n\\u00e3o ser\\u00e1 um mercado de trabalho pr\\u00f3spero e recetivo, mas sim um mercado que se debate com as crescentes taxas de desemprego. \\u00c9 por isso que \\u00e9 t\\u00e3o vital aumentar o envolvimento dos jovens na sua educa\\u00e7\\u00e3o e, ao mesmo tempo, equip\\u00e1-los com as compet\\u00eancias que ir\\u00e3o aumentar o seu potencial de empregabilidade no futuro.<\\\/span><\\\/p>\",\"image\":\"wp-content\\\/uploads\\\/2022\\\/06\\\/FMID_Website_090622_SK-09-3.png\",\"title_color\":\"emphasis\",\"link\":\"\",\"image_vertical_align\":true},\"name\":\"right-image-panel\"}]}]},{\"type\":\"row\",\"children\":[{\"type\":\"column\",\"props\":{\"position_sticky_breakpoint\":\"m\",\"image_position\":\"center-center\",\"media_overlay_gradient\":\"\"},\"children\":[{\"type\":\"panel\",\"props\":{\"link_text\":\"Read more\",\"title_hover_style\":\"reset\",\"title_element\":\"h3\",\"title_align\":\"top\",\"title_grid_width\":\"1-2\",\"title_grid_breakpoint\":\"m\",\"meta_style\":\"meta\",\"meta_align\":\"below-title\",\"meta_element\":\"div\",\"content_column_breakpoint\":\"m\",\"icon_width\":80,\"image_align\":\"left\",\"image_grid_width\":\"1-3\",\"image_grid_breakpoint\":\"m\",\"image_svg_color\":\"emphasis\",\"link_style\":\"primary\",\"margin\":\"default\",\"title\":\"Objetivo\",\"content\":\"\n\n<p>O projeto FMID promove a literacia digital entre jovens e educadores de jovens. Pretende aumentar a consci\\u00eancia cultural dos jovens, ajudar \\u00e0 sua compreens\\u00e3o e promover a inclus\\u00e3o social, fornecendo uma voz, ferramentas e capacidades para se expressarem e se compreenderem uns aos outros.<\\\/p>\",\"image\":\"wp-content\\\/uploads\\\/2022\\\/06\\\/FMID_Website_090622_SK-10-3.png\",\"title_color\":\"emphasis\",\"link\":\"\"},\"name\":\"left-image-panel\"}]}]},{\"type\":\"row\",\"children\":[{\"type\":\"column\",\"props\":{\"position_sticky_breakpoint\":\"m\",\"image_position\":\"center-center\",\"media_overlay_gradient\":\"\"},\"children\":[{\"type\":\"panel\",\"props\":{\"link_text\":\"[readmore_text]\",\"title_hover_style\":\"reset\",\"title_element\":\"h3\",\"title_align\":\"top\",\"title_grid_width\":\"1-2\",\"title_grid_breakpoint\":\"m\",\"meta_style\":\"meta\",\"meta_align\":\"below-title\",\"meta_element\":\"div\",\"content_column_breakpoint\":\"m\",\"icon_width\":80,\"image_align\":\"right\",\"image_grid_width\":\"1-3\",\"image_grid_breakpoint\":\"m\",\"image_svg_color\":\"emphasis\",\"link_style\":\"primary\",\"margin\":\"default\",\"title\":\"Objetivos espec\\u00edficos\",\"content\":\"\n\n<ul>\\n\n\n<li>Desenvolver um conjunto de recursos sobre cria\\u00e7\\u00e3o de v\\u00eddeos para os jovens.<\\\/li>\\n\n\n<li>Apoiar os educadores de jovens na oferta de forma\\u00e7\\u00e3o sobre cria\\u00e7\\u00e3o de v\\u00eddeo, com a ajuda do manual e forma\\u00e7\\u00e3o em servi\\u00e7o.<\\\/li>\\n\n\n<li>Proporcionar um ambiente de aprendizagem e colabora\\u00e7\\u00e3o online para partilhar os resultados do projeto, permitindo a utiliza\\u00e7\\u00e3o de recursos educativos e a partilha de v\\u00eddeos criados pelos participantes do projeto.<\\\/li>\\n\n\n<li>Proporcionar uma s\\u00e9rie de eventos tanto para jovens como para educadores de jovens.<\\\/li>\\n<\\\/ul>\",\"image\":\"wp-content\\\/uploads\\\/2022\\\/06\\\/FMID_Website_090622_SK-11-3.png\",\"title_color\":\"emphasis\",\"link\":\"\",\"image_vertical_align\":true},\"name\":\"right-image-panel\"}]}]},{\"type\":\"row\",\"children\":[{\"type\":\"column\",\"props\":{\"position_sticky_breakpoint\":\"m\",\"image_position\":\"center-center\",\"media_overlay_gradient\":\"\"},\"children\":[{\"type\":\"headline\",\"props\":{\"title_element\":\"h1\",\"content\":\"\n\n<h3>Parceiros<\\\/h3>\"}},{\"name\":\"Accordion Image Top\",\"type\":\"accordion\",\"children\":[{\"type\":\"accordion_item\",\"props\":{\"title\":\"Future in Perspective Ltd. (FIPL)\",\"content\":\"\n\n<p><span style=\\\"font-weight: 400;\\\">A Future in Perspective Ltd. \\u00e9 uma empresa privada baseada na regi\\u00e3o fronteiri\\u00e7a da Irlanda, especializada nas \\u00e1reas de educa\\u00e7\\u00e3o e e-learning, produ\\u00e7\\u00e3o de media, planeamento estrat\\u00e9gico e desenvolvimento e avalia\\u00e7\\u00e3o de neg\\u00f3cios. Atrav\\u00e9s do nosso trabalho em projetos nacionais e financiados pela UE, temos envolvido e apoiado grupos de jovens locais, comunidades migrantes, pessoas idosas e indiv\\u00edduos que t\\u00eam estado afastados da educa\\u00e7\\u00e3o para os voltar a envolver com fornecedores de servi\\u00e7os e ofertas de educa\\u00e7\\u00e3o e forma\\u00e7\\u00e3o. Tamb\\u00e9m temos experi\\u00eancia em apoiar empresas em nichos de mercado como os setores criativo, cultural e verde para desenvolver modelos de neg\\u00f3cio sustent\\u00e1veis. Para al\\u00e9m disso, temos colaborado com jovens e adultos para oferecer uma s\\u00e9rie de programas diversos nas \\u00e1reas da produ\\u00e7\\u00e3o de media e gest\\u00e3o de carreiras, apoiando a pr\\u00f3xima gera\\u00e7\\u00e3o de indiv\\u00edduos criativos para construir e sustentar carreiras de sucesso no setor.<\\\/span><\\\/p>\",\"image\":\"wp-content\\\/uploads\\\/2022\\\/06\\\/fipl-logo.jpg\"}},{\"name\":\"\",\"type\":\"accordion_item\",\"props\":{\"content\":\"\n\n<p><span style=\\\"font-weight: 400;\\\">A Acumen Training \\u00e9 uma empresa privada especializada em forma\\u00e7\\u00e3o e consultoria. O objetivo da Acumen Training \\u00e9 apoiar a gest\\u00e3o no mercado de trabalho e a cria\\u00e7\\u00e3o de um neg\\u00f3cio pr\\u00f3prio. A empresa oferece forma\\u00e7\\u00e3o e consultoria, desenvolve materiais audiovisuais de aprendizagem, realiza pesquisas, desenha e produz conte\\u00fados de aprendizagem. A nossa equipa tem experi\\u00eancia em design gr\\u00e1fico (cria\\u00e7\\u00e3o de log\\u00f3tipos e branding) e desenvolvimento de materiais audiovisuais (utilizados em E-Learning e Flipped Learning). Tem uma vasta experi\\u00eancia na divulga\\u00e7\\u00e3o e promo\\u00e7\\u00e3o de projetos. A empresa est\\u00e1 sediada em Rzeszow, capital da prov\\u00edncia de Subcarpathian, no sul da Pol\\u00f3nia.<\\\/span><\\\/p>\\n\n\n<p><span style=\\\"font-weight: 400;\\\">Cooperamos com formadores experientes em muitas \\u00e1reas e temos uma equipa que pode fornecer conhecimentos e experi\\u00eancia necess\\u00e1rios para o desenvolvimento de projetos relacionados com a educa\\u00e7\\u00e3o e forma\\u00e7\\u00e3o em diferentes temas com especial enfoque no mercado de trabalho e empreendedorismo. A equipa da Acumen Training tem conhecimentos avan\\u00e7ados na gest\\u00e3o de projetos, administra\\u00e7\\u00e3o, dissemina\\u00e7\\u00e3o, avalia\\u00e7\\u00e3o e monitoriza\\u00e7\\u00e3o. A empresa tem uma grande rede de contactos a n\\u00edvel local e regional, cooperando com empresas de forma\\u00e7\\u00e3o, associa\\u00e7\\u00f5es, institui\\u00e7\\u00f5es do meio empresarial e especialistas na \\u00e1rea do mercado de trabalho e do empreendedorismo.<\\\/span><\\\/p>\\n\n\n<p><\\\/p>\\n\n\n<p><span style=\\\"font-weight: 400;\\\">A Acumen Training est\\u00e1 focada nos jovens, apoiando-os no seu desenvolvimento profissional, inser\\u00e7\\u00e3o no mercado de trabalho e na cria\\u00e7\\u00e3o dos pr\\u00f3prios neg\\u00f3cio. A empresa apoia-os na aquisi\\u00e7\\u00e3o de compet\\u00eancias e experi\\u00eancias relacionadas com empreendedorismo e lideran\\u00e7a. A nossa equipa tem experi\\u00eancia na cria\\u00e7\\u00e3o de materiais de forma\\u00e7\\u00e3o (incluindo branding), cria\\u00e7\\u00e3o de materiais audiovisuais (podcasts, v\\u00eddeos, salas de escape educacionais, recursos em formato de mini-aprendizagem). Tamb\\u00e9m somos experientes na realiza\\u00e7\\u00e3o de pesquisa e desenvolvimento de relat\\u00f3rios. Temos o equipamento necess\\u00e1rio para gravar e editar conte\\u00fado audiovisual de alta qualidade. A nossa equipa tamb\\u00e9m inclui dois designers gr\\u00e1ficos experientes na conce\\u00e7\\u00e3o de, por exemplo, log\\u00f3tipos, newsletters, materiais promocionais e branding.<\\\/span><\\\/p>\",\"title\":\"ACUMEN\",\"link\":\"https:\\\/\\\/www.facebook.com\\\/acumentraining\\\/\",\"image\":\"wp-content\\\/uploads\\\/2022\\\/06\\\/Acumen-Logo.jpg\",\"link_text\":\"Facebook\"}},{\"name\":\"\",\"type\":\"accordion_item\",\"props\":{\"content\":\"\n\n<p><span style=\\\"font-weight: 400;\\\">A RightChallenge \\u00e9 uma organiza\\u00e7\\u00e3o n\\u00e3o governamental que visa promover a educa\\u00e7\\u00e3o e forma\\u00e7\\u00e3o profissional como um meio de inclus\\u00e3o social e de igualdade de oportunidades. Acreditamos que a educa\\u00e7\\u00e3o se deve focar no desenvolvimento integral de todas as pessoas (independentemente do estatuto social, idade ou g\\u00e9nero), de modo a estarem preparadas para intervir e participar em todas as dimens\\u00f5es da sociedade, como na vida familiar, no emprego e no lazer. Assim, como uma organiza\\u00e7\\u00e3o ativamente envolvido com a comunidade, um dos nossos pilares \\u00e9 a aprendizagem ao longo da vida, pois acreditamos que este \\u00e9 essencial para o desenvolvimento sustent\\u00e1vel, visto que promove a cidadania ativa e respons\\u00e1vel e a participa\\u00e7\\u00e3o democr\\u00e1tica entre os cidad\\u00e3os.<\\\/span><\\\/p>\",\"title\":\"RightChallenge \\u2013 Associa\\u00e7\\u00e3o\",\"link\":\"https:\\\/\\\/rightchallenge.org\\\/\",\"image\":\"wp-content\\\/uploads\\\/2022\\\/06\\\/Rightchallenge-Logo.-png.png\",\"image_alt\":\"\",\"link_text\":\"Website\"}},{\"name\":\"\",\"type\":\"accordion_item\",\"props\":{\"content\":\"\n\n<p><span style=\\\"font-weight: 400;\\\">A Jugendf\\u00f6rderverein Parchim\\\/L\\u00fcbz e. V. ( \\\" JFV \\\" ) \\u00e9 uma organiza\\u00e7\\u00e3o sem fins lucrativos fundada em 1992. Hoje, a funda\\u00e7\\u00e3o emprega mais de 100 pessoas em seis locais diferentes da Pomer\\u00e2nia Ocidental, na Alemanha. A organiza\\u00e7\\u00e3o tem como miss\\u00e3o estabelecer est\\u00edmulos inovadores para encorajar a integra\\u00e7\\u00e3o profissional de jovens desfavorecidos e vulner\\u00e1veis, mais especificamente, jovens que abandonam precocemente a escola, pessoas socialmente exclu\\u00eddas, adultos com origem migrante e adultos desempregados. A JFV oferece uma vasta gama de servi\\u00e7os centrados nas necessidades destes p\\u00fablicos-alvo que visam prepar\\u00e1-los, motiv\\u00e1-los e encoraj\\u00e1-los para a forma\\u00e7\\u00e3o ou ocupa\\u00e7\\u00e3o no mercado de trabalho, assim como apoi\\u00e1-los e orient\\u00e1-los no seu desenvolvimento pessoal. A participa\\u00e7\\u00e3o em projetos nacionais e internacionais \\u00e9 uma parte integrante do trabalho da JFV. Neste projeto, a tarefa principal da JFV \\u00e9 atuar como coordenador.<\\\/span><\\\/p>\\n\n\n<p>Para saber mais, por favor contacte-nos:<\\\/p>\\n\n\n<p>E-mail: info@jfv-pch.de<\\\/p>\\n\n\n<p>Telefone: +49 (0)3871 63 190<\\\/p>\\n\n\n<p><\\\/p>\",\"title\":\"Jugendf\\u00f6rderverein Parchim\\\/L\\u00fcbz e.V.\",\"link\":\"https:\\\/\\\/www.jfv-pch.de\\\/\",\"image\":\"wp-content\\\/uploads\\\/2022\\\/06\\\/Logo-JFV-quadratisch.jpg\",\"link_text\":\"Website\"}},{\"name\":\"\",\"type\":\"accordion_item\",\"props\":{\"content\":\"\n\n<p><span style=\\\"font-weight: 400;\\\">A Fundaci\\u00f3n Siglo22 \\u00e9 uma organiza\\u00e7\\u00e3o sem fins lucrativos que opera em todo o territ\\u00f3rio nacional sob o Protetorado de Funda\\u00e7\\u00f5es do Minist\\u00e9rio da Educa\\u00e7\\u00e3o. Os objetivos que definem o trabalho da nossa Funda\\u00e7\\u00e3o s\\u00e3o os seguintes: Desenvolver programas e projetos que facilitem a integra\\u00e7\\u00e3o das tecnologias de informa\\u00e7\\u00e3o e comunica\\u00e7\\u00e3o no sistema educativo. Melhorar a igualdade de g\\u00e9nero e criar programas para melhorar a igualdade de oportunidades atrav\\u00e9s de tecnologias de informa\\u00e7\\u00e3o e comunica\\u00e7\\u00e3o. Desenvolver programas e projetos relacionados com a aprendizagem e a cria\\u00e7\\u00e3o de redes de conhecimento partilhado. Motivados pela necessidade de melhorar o sistema educativo e as defici\\u00eancias de igualdade de g\\u00e9nero, no in\\u00edcio de 2011, um grupo inicial de tr\\u00eas profissionais decidiu fundar a Siglo22, a este projeto juntaram-se outros tr\\u00eas profissionais na \\u00e1rea da educa\\u00e7\\u00e3o, igualdade de g\\u00e9nero e tecnologias. A nossa miss\\u00e3o \\u00e9 contribuir com experi\\u00eancias relevantes na educa\\u00e7\\u00e3o e na sociedade, que contribuem para a sua melhoria constante atrav\\u00e9s de projetos de inova\\u00e7\\u00e3o para fomentar a aprendizagem e a mudan\\u00e7a. A nossa vis\\u00e3o est\\u00e1 a caminho da cria\\u00e7\\u00e3o de um substrato de crescimento pessoal cont\\u00ednuo apoiado pela constante procura de inova\\u00e7\\u00e3o e coopera\\u00e7\\u00e3o, promovendo a igualdade de oportunidades entre todas as pessoas. Trabalhamos em tr\\u00eas \\u00e1reas principais: Educa\\u00e7\\u00e3o: especializados em e-learning, plataformas LMS e compet\\u00eancias pedag\\u00f3gicas. Igualdade de g\\u00e9nero: g\\u00e9nero e jovens, trabalho em rede feminino. Projetos comunit\\u00e1rios: colabora\\u00e7\\u00e3o em projetos cofundados pelo programa Erasmus+.<\\\/span><\\\/p>\",\"title\":\"Fundaci\\u00f3n Siglo22 \",\"link\":\"https:\\\/\\\/fundacionsiglo22.org\\\/es\\\/\",\"image\":\"wp-content\\\/uploads\\\/2022\\\/06\\\/logo_siglo22_grande-1.png\",\"link_text\":\"Website\"}},{\"type\":\"accordion_item\",\"props\":{\"title\":\"CARDET\",\"content\":\"\n\n<p><span style=\\\"font-weight: 400;\\\">Os CARDET s\\u00e3o um dos principais centros de investiga\\u00e7\\u00e3o e forma\\u00e7\\u00e3o na regi\\u00e3o do Mediterr\\u00e2neo Oriental com experi\\u00eancia global na conce\\u00e7\\u00e3o, implementa\\u00e7\\u00e3o e gest\\u00e3o de projetos, forma\\u00e7\\u00e3o e e-learning. A CARDET implementou in\\u00fameros projetos relacionados com o desenvolvimento de iniciativas de forma\\u00e7\\u00e3o de adultos e profissionais nas \\u00e1reas do trabalho social, inova\\u00e7\\u00e3o e empreendedorismo. Os membros da sua equipa e dire\\u00e7\\u00e3o representam institui\\u00e7\\u00f5es de ensino superior europeias e internacionais, centros de forma\\u00e7\\u00e3o e organiza\\u00e7\\u00f5es internacionais e t\\u00eam um conhecimento profundo do setor de forma\\u00e7\\u00e3o de adultos e da \\u00e1rea de literacia financeira, enquanto que a CARDET se concentra na promo\\u00e7\\u00e3o da justi\\u00e7a social e do progresso social. A CARDET re\\u00fane uma equipa internacional de especialistas com d\\u00e9cadas de experi\\u00eancia global em forma\\u00e7\\u00e3o de adultos, capacita\\u00e7\\u00e3o, desenvolvimento curricular, empreendedorismo social, forma\\u00e7\\u00e3o profissional, design thinking, inova\\u00e7\\u00e3o, investiga\\u00e7\\u00e3o educacional, avalia\\u00e7\\u00e3o e desenvolvimento de recursos humanos.<\\\/span><\\\/p>\",\"link\":\"https:\\\/\\\/cardet.org\\\/\",\"link_text\":\"Website\",\"image\":\"wp-content\\\/uploads\\\/2022\\\/06\\\/CARDET_logo_highRes.png\"}}],\"props\":{\"multiple\":false,\"collapsible\":true,\"show_image\":true,\"show_link\":true,\"title_element\":\"h3\",\"image_align\":\"top\",\"image_grid_width\":\"1-2\",\"link_text\":\"[website_text]\",\"link_style\":\"primary\",\"image_svg_color\":\"emphasis\",\"image_grid_breakpoint\":\"m\",\"content_column_breakpoint\":\"m\",\"content_dropcap\":false,\"content_column\":\"\",\"id\":\"accordion-image-top\",\"image_height\":\"300\",\"text_align\":\"center\",\"class\":\"partners-accordion\",\"link_target\":true}}]}]}]}],\"version\":\"2.7.22\"} --><\/p>\n","protected":false},"excerpt":{"rendered":"<p>Sobre o projeto Antes da pandemia COVID-19, a taxa de abandono escolar precoce tinha diminu\u00eddo significativamente nos pa\u00edses europeus. No entanto, devido \u00e0s r\u00e1pidas mudan\u00e7as..<\/p>\n","protected":false},"author":1,"featured_media":0,"parent":0,"menu_order":0,"comment_status":"closed","ping_status":"closed","template":"","meta":{"_acf_changed":false,"inline_featured_image":false,"footnotes":""},"class_list":["post-941","page","type-page","status-publish","hentry"],"acf":[],"_links":{"self":[{"href":"https:\/\/fmid.eu\/pt-pt\/wp-json\/wp\/v2\/pages\/941","targetHints":{"allow":["GET"]}}],"collection":[{"href":"https:\/\/fmid.eu\/pt-pt\/wp-json\/wp\/v2\/pages"}],"about":[{"href":"https:\/\/fmid.eu\/pt-pt\/wp-json\/wp\/v2\/types\/page"}],"author":[{"embeddable":true,"href":"https:\/\/fmid.eu\/pt-pt\/wp-json\/wp\/v2\/users\/1"}],"replies":[{"embeddable":true,"href":"https:\/\/fmid.eu\/pt-pt\/wp-json\/wp\/v2\/comments?post=941"}],"version-history":[{"count":6,"href":"https:\/\/fmid.eu\/pt-pt\/wp-json\/wp\/v2\/pages\/941\/revisions"}],"predecessor-version":[{"id":1032,"href":"https:\/\/fmid.eu\/pt-pt\/wp-json\/wp\/v2\/pages\/941\/revisions\/1032"}],"wp:attachment":[{"href":"https:\/\/fmid.eu\/pt-pt\/wp-json\/wp\/v2\/media?parent=941"}],"curies":[{"name":"wp","href":"https:\/\/api.w.org\/{rel}","templated":true}]}}